{"id":9,"date":"2025-07-15T11:54:21","date_gmt":"2025-07-15T11:54:21","guid":{"rendered":"https:\/\/caballerizasmontpensier.com\/?page_id=9"},"modified":"2026-09-01T12:43:53","modified_gmt":"2026-09-01T12:43:53","slug":"inicio","status":"publish","type":"page","link":"https:\/\/caballerizasmontpensier.com\/","title":{"rendered":"Inicio"},"content":{"rendered":"<p>[et_pb_section fb_built=\u00bb1&#8243; _builder_version=\u00bb4.27.4&#8243; _module_preset=\u00bbdefault\u00bb background_enable_image=\u00bboff\u00bb custom_margin=\u00bb-21px|||||\u00bb custom_padding=\u00bb0px||0px|||\u00bb bottom_divider_color=\u00bb#000000&#8243; border_width_bottom=\u00bb3px\u00bb border_color_bottom=\u00bb#bc9a00&#8243; global_colors_info=\u00bb{}\u00bb][et_pb_row _builder_version=\u00bb4.27.4&#8243; _module_preset=\u00bbdefault\u00bb width=\u00bb100%\u00bb max_width=\u00bb100%\u00bb custom_margin=\u00bb19px|auto||auto||\u00bb custom_padding=\u00bb2px||2px|||\u00bb global_colors_info=\u00bb{}\u00bb][et_pb_column type=\u00bb4_4&#8243; _builder_version=\u00bb4.27.4&#8243; _module_preset=\u00bbdefault\u00bb global_colors_info=\u00bb{}\u00bb][et_pb_slider _builder_version=\u00bb4.27.4&#8243; _module_preset=\u00bbdefault\u00bb width=\u00bb100%\u00bb max_width=\u00bb100%\u00bb content_max_width=\u00bb100%\u00bb min_height=\u00bb511.5px\u00bb custom_margin=\u00bb||-6px|||\u00bb custom_padding=\u00bb||293px|||\u00bb header_text_shadow_style=\u00bbpreset1&#8243; global_colors_info=\u00bb{}\u00bb][et_pb_slide heading=\u00bbLas Caballerizas de Orleans-Borb\u00f3n\u00bb use_bg_overlay=\u00bbon\u00bb use_text_overlay=\u00bboff\u00bb _builder_version=\u00bb4.27.4&#8243; _module_preset=\u00bbdefault\u00bb body_font_size=\u00bb20px\u00bb background_enable_color=\u00bboff\u00bb background_image=\u00bbhttps:\/\/caballerizasmontpensier.com\/wp-content\/uploads\/2025\/08\/241058669_4455158144598262_5362735947920521411_n.jpg\u00bb background_enable_image=\u00bbon\u00bb header_text_shadow_style=\u00bbpreset3&#8243; header_text_shadow_color=\u00bb#000000&#8243; body_text_shadow_style=\u00bbpreset3&#8243; body_text_shadow_blur_strength=\u00bb0.29em\u00bb body_text_shadow_color=\u00bb#000000&#8243; text_shadow_style=\u00bbpreset3&#8243; global_colors_info=\u00bb{}\u00bb sticky_transition=\u00bbon\u00bb]<\/p>\n<p><span>Visitas hist\u00f3ricas, experiencias enol\u00f3gicas, espacios para eventos y el aut\u00e9ntico legado de Orleans-Borb\u00f3n reunidos en uno de los enclaves m\u00e1s emblem\u00e1ticos de Sanl\u00facar.<\/span><\/p>\n<p>[\/et_pb_slide][et_pb_slide _builder_version=\u00bb4.27.4&#8243; _module_preset=\u00bbdefault\u00bb background_image=\u00bbhttps:\/\/caballerizasmontpensier.com\/wp-content\/uploads\/2025\/08\/75093792_2679135828867178_1072509297235066880_n.jpg\u00bb background_enable_image=\u00bbon\u00bb global_colors_info=\u00bb{}\u00bb sticky_transition=\u00bbon\u00bb][\/et_pb_slide][et_pb_slide _builder_version=\u00bb4.27.4&#8243; _module_preset=\u00bbdefault\u00bb background_enable_color=\u00bboff\u00bb background_image=\u00bbhttps:\/\/caballerizasmontpensier.com\/wp-content\/uploads\/2026\/06\/IMG_3312-scaled.jpeg\u00bb background_enable_image=\u00bbon\u00bb global_colors_info=\u00bb{}\u00bb sticky_transition=\u00bbon\u00bb][\/et_pb_slide][et_pb_slide _builder_version=\u00bb4.27.4&#8243; _module_preset=\u00bbdefault\u00bb background_enable_color=\u00bboff\u00bb background_image=\u00bbhttps:\/\/caballerizasmontpensier.com\/wp-content\/uploads\/2026\/06\/IMG_3242-scaled.jpeg\u00bb background_enable_image=\u00bbon\u00bb global_colors_info=\u00bb{}\u00bb sticky_transition=\u00bbon\u00bb][\/et_pb_slide][et_pb_slide _builder_version=\u00bb4.27.4&#8243; _module_preset=\u00bbdefault\u00bb background_enable_color=\u00bboff\u00bb background_image=\u00bbhttps:\/\/caballerizasmontpensier.com\/wp-content\/uploads\/2025\/08\/250214287_4642917289155679_6937899654384531091_n.jpg\u00bb background_enable_image=\u00bbon\u00bb global_colors_info=\u00bb{}\u00bb sticky_transition=\u00bbon\u00bb][\/et_pb_slide][et_pb_slide _builder_version=\u00bb4.27.4&#8243; _module_preset=\u00bbdefault\u00bb background_enable_color=\u00bboff\u00bb background_image=\u00bbhttps:\/\/caballerizasmontpensier.com\/wp-content\/uploads\/2026\/06\/IMG_3307-scaled.jpeg\u00bb background_enable_image=\u00bbon\u00bb global_colors_info=\u00bb{}\u00bb sticky_transition=\u00bbon\u00bb][\/et_pb_slide][\/et_pb_slider][\/et_pb_column][\/et_pb_row][\/et_pb_section][et_pb_section fb_built=\u00bb1&#8243; _builder_version=\u00bb4.27.4&#8243; _module_preset=\u00bbdefault\u00bb background_color=\u00bb#2b2b2b\u00bb custom_margin=\u00bb1px|||||\u00bb custom_padding=\u00bb10px||30px|||\u00bb border_width_top=\u00bb2px\u00bb border_color_top=\u00bb#bfb200&#8243; global_colors_info=\u00bb{}\u00bb][et_pb_row _builder_version=\u00bb4.27.4&#8243; _module_preset=\u00bbdefault\u00bb custom_margin=\u00bb15px|auto||auto||\u00bb global_colors_info=\u00bb{}\u00bb][et_pb_column type=\u00bb4_4&#8243; _builder_version=\u00bb4.27.4&#8243; _module_preset=\u00bbdefault\u00bb global_colors_info=\u00bb{}\u00bb][et_pb_text _builder_version=\u00bb4.27.4&#8243; _module_preset=\u00bbdefault\u00bb text_font=\u00bbAbhaya Libre||on||||||\u00bb text_font_size=\u00bb33px\u00bb text_line_height=\u00bb1.2em\u00bb text_orientation=\u00bbcenter\u00bb global_colors_info=\u00bb{}\u00bb]<\/p>\n<p><span style=\"color: #ffffff;\">\u00abUn recorrido por la historia, el patrimonio y el legado <br \/><\/span><span style=\"color: #ffffff;\">de la Casa de Orleans-Borb\u00f3n\u00bb<\/span><\/p>\n<p>[\/et_pb_text][et_pb_text _builder_version=\u00bb4.27.4&#8243; _module_preset=\u00bbdefault\u00bb custom_margin=\u00bb|26px|45px|||\u00bb locked=\u00bboff\u00bb global_colors_info=\u00bb{}\u00bb]<\/p>\n<dl class=\"drawers\">\n<dd class=\"drawer active\">\n<div id=\"descriptionTab\" class=\"content\">\n<div class=\"core-styles\">\n<p style=\"text-align: justify;\"><span style=\"font-size: medium; color: #ffffff;\">Ubicadas en pleno coraz\u00f3n de Sanl\u00facar de Barrameda (C\u00e1diz), en la hist\u00f3rica Calle Ba\u00f1os, Las Caballerizas de Montpensier forman parte del emblem\u00e1tico conjunto del Palacio de Orleans-Borb\u00f3n, erigido por los Infantes-Duques de Montpensier a mediados del siglo\u202fXIX.\u00a0<\/span><\/p>\n<p style=\"text-align: justify;\"><span style=\"font-size: medium; color: #ffffff;\">Este conjunto monumental, de marcado car\u00e1cter ecl\u00e9ctico, conjuga el estilo neomud\u00e9jar con el esp\u00edritu rom\u00e1ntico de la \u00e9poca que lo gest\u00f3 y presenta claras influencias orientalistas.<span class=\"Apple-converted-space\">\u00a0<\/span><\/span><\/p>\n<p style=\"text-align: justify;\"><span style=\"font-size: medium; color: #ffffff;\">Concebido originalmente como Caballerizas, ha conocido diversos usos a lo largo de su dilatada historia y representa un s\u00edmbolo del legado arquitect\u00f3nico de la Andaluc\u00eda decimon\u00f3nica.<\/span><\/p>\n<p style=\"text-align: justify;\"><span style=\"font-size: medium; color: #ffffff;\">Restaurado recientemente por el Grupo Torrebreva -inaugurado el 8 de julio de 2010- cada espacio del conjunto ha sido modernizado con todas las comodidades para eventos profesionales y<span class=\"Apple-converted-space\"> se dispone de <\/span>ascensor para accesibilidad.<\/span><\/p>\n<\/div>\n<\/div>\n<\/dd>\n<\/dl>\n<p>[\/et_pb_text][\/et_pb_column][\/et_pb_row][et_pb_row disabled_on=\u00bbon|on|on\u00bb _builder_version=\u00bb4.27.4&#8243; _module_preset=\u00bbdefault\u00bb width=\u00bb100%\u00bb disabled=\u00bbon\u00bb global_colors_info=\u00bb{}\u00bb][et_pb_column type=\u00bb4_4&#8243; _builder_version=\u00bb4.27.4&#8243; _module_preset=\u00bbdefault\u00bb global_colors_info=\u00bb{}\u00bb][et_pb_text _builder_version=\u00bb4.27.4&#8243; _module_preset=\u00bbdefault\u00bb custom_margin=\u00bb|26px|45px|||\u00bb global_colors_info=\u00bb{}\u00bb]<\/p>\n<dl class=\"drawers\">\n<dd class=\"drawer active\">\n<div id=\"descriptionTab\" class=\"content\">\n<div class=\"core-styles\">\n<p style=\"text-align: justify;\"><span style=\"font-size: medium; color: #ffffff;\">Ubicadas en pleno coraz\u00f3n de Sanl\u00facar de Barrameda (C\u00e1diz), en la hist\u00f3rica Calle Ba\u00f1os, Las Caballerizas de Montpensier forman parte del emblem\u00e1tico conjunto del Palacio de Orleans-Borb\u00f3n, erigido por los Infantes-Duques de Montpensier a mediados del siglo\u202fXIX.\u00a0<\/span><\/p>\n<p style=\"text-align: justify;\"><span style=\"font-size: medium; color: #ffffff;\">Este conjunto monumental, de marcado car\u00e1cter ecl\u00e9ctico, conjuga el estilo neomud\u00e9jar con el esp\u00edritu rom\u00e1ntico de la \u00e9poca que lo gest\u00f3 y presenta claras influencias orientalistas.<span class=\"Apple-converted-space\">\u00a0<\/span><\/span><\/p>\n<p style=\"text-align: justify;\"><span style=\"font-size: medium; color: #ffffff;\">Concebido originalmente como Caballerizas, ha conocido diversos usos a lo largo de su dilatada historia y representa un s\u00edmbolo del legado arquitect\u00f3nico de la Andaluc\u00eda decimon\u00f3nica.<\/span><\/p>\n<p style=\"text-align: justify;\"><span style=\"font-size: medium; color: #ffffff;\">Restaurado recientemente por el Grupo Torrebreva -inaugurado el 8 de julio de 2010-, cada estancia del conjunto ha sido modernizada con todas las comodidades para eventos profesionales y<span class=\"Apple-converted-space\">\u00a0 <\/span>ascensor para accesibilidad.<\/span><\/p>\n<\/div>\n<\/div>\n<\/dd>\n<\/dl>\n<p>[\/et_pb_text][et_pb_code _builder_version=\u00bb4.27.4&#8243; _module_preset=\u00bbdefault\u00bb global_colors_info=\u00bb{}\u00bb]<script type=\"text\/javascript\" id_elemento=\"23716\" tipo_elemento=\"2\" idw=\"4501\"   w_param=\"getURL\" paramHash=\"3f5acdb040b829a4ad85cdb54943d1a5b1e2bcd3\" src=\"https:\/\/www.mrplan.es\/experiencias\/modulos\/TExpReverse\/lib\/TExpReverseInc.php?id_experiencia=23716&#038;idw=4501\u00b6mHash=3f5acdb040b829a4ad85cdb54943d1a5b1e2bcd3\"><\/script>[\/et_pb_code][\/et_pb_column][\/et_pb_row][\/et_pb_section][et_pb_section fb_built=\u00bb1&#8243; disabled_on=\u00bbon|on|off\u00bb _builder_version=\u00bb4.27.4&#8243; _module_preset=\u00bbdefault\u00bb custom_css_free_form=\u00bbselector {||  background-color: #f7f3ec;||}\u00bb global_colors_info=\u00bb{}\u00bb][et_pb_row _builder_version=\u00bb4.27.4&#8243; _module_preset=\u00bbdefault\u00bb custom_margin=\u00bb||-30px||false|false\u00bb global_colors_info=\u00bb{}\u00bb][et_pb_column type=\u00bb4_4&#8243; _builder_version=\u00bb4.27.4&#8243; _module_preset=\u00bbdefault\u00bb global_colors_info=\u00bb{}\u00bb][et_pb_text _builder_version=\u00bb4.27.4&#8243; _module_preset=\u00bbdefault\u00bb text_font=\u00bbAbhaya Libre||on||||||\u00bb text_font_size=\u00bb33px\u00bb text_line_height=\u00bb1.2em\u00bb text_orientation=\u00bbcenter\u00bb locked=\u00bboff\u00bb global_colors_info=\u00bb{}\u00bb]<\/p>\n<p><span style=\"color: #000000;\">Celebra el D\u00eda Internacional del Turismo<\/span><\/p>\n<p>[\/et_pb_text][et_pb_text _builder_version=\u00bb4.27.4&#8243; _module_preset=\u00bbdefault\u00bb custom_margin=\u00bb|26px|45px|||\u00bb locked=\u00bboff\u00bb global_colors_info=\u00bb{}\u00bb]<\/p>\n<dl class=\"drawers\">\n<dd class=\"drawer active\">\n<div id=\"descriptionTab\" class=\"content\">\n<div class=\"core-styles\">\n<p style=\"text-align: justify;\"><span style=\"color: #000000;\">Desde Las Caballerizas de Montpensier-Bodegas de Los Infantes participaremos en la Programaci\u00f3n en torno al D\u00eda Internacional del Turismo 2026 organizada desde el Ayuntamiento de Sanl\u00facar de Barrameda con una actividad denominada \u201cRutas de los Montpensier (I, II y III)\u201d a desarrollar los d\u00edas 23, 24 y 25 de septiembre de 2026.<\/span><\/p>\n<\/div>\n<\/div>\n<\/dd>\n<\/dl>\n<p>[\/et_pb_text][\/et_pb_column][\/et_pb_row][et_pb_row column_structure=\u00bb1_3,1_3,1_3&#8243; make_equal=\u00bbon\u00bb _builder_version=\u00bb4.27.4&#8243; _module_preset=\u00bbdefault\u00bb custom_css_free_form=\u00bbselector .et_pb_column {||  background: #ffffff;||  border-radius: 8px;||  overflow: hidden;||  box-shadow: 0 4px 16px rgba(0, 0, 0, 0.06);||}\u00bb global_colors_info=\u00bb{}\u00bb][et_pb_column type=\u00bb1_3&#8243; _builder_version=\u00bb4.27.4&#8243; _module_preset=\u00bbdefault\u00bb global_colors_info=\u00bb{}\u00bb][et_pb_image src=\u00bbhttps:\/\/caballerizasmontpensier.com\/wp-content\/uploads\/2026\/08\/articulos-87800.jpeg\u00bb alt=\u00bb\u201cRuta de los Montpensier (I). Jardines del Palacio Orl\u00e9ans-Borb\u00f3n\u201d\u00bb title_text=\u00bbJardines del Palacio Orl\u00e9ans-Borb\u00f3n\u00bb force_fullwidth=\u00bbon\u00bb _builder_version=\u00bb4.27.4&#8243; _module_preset=\u00bbdefault\u00bb height=\u00bb250px\u00bb custom_css_free_form=\u00bbselector img {||  object-fit: cover;||  border-radius: 8px 8px 0 0;||}\u00bb global_colors_info=\u00bb{}\u00bb][\/et_pb_image][et_pb_text _builder_version=\u00bb4.27.4&#8243; _module_preset=\u00bbdefault\u00bb custom_margin=\u00bb|20px||20px|false|false\u00bb global_colors_info=\u00bb{}\u00bb]<\/p>\n<p>RUTA I &#8211; 23 Septiembre<\/p>\n<p>[\/et_pb_text][et_pb_text _builder_version=\u00bb4.27.4&#8243; _module_preset=\u00bbdefault\u00bb text_font=\u00bbAbhaya Libre||on||||||\u00bb text_font_size=\u00bb33px\u00bb text_line_height=\u00bb1.2em\u00bb text_orientation=\u00bbcenter\u00bb custom_margin=\u00bb|20px||20px|false|false\u00bb locked=\u00bboff\u00bb global_colors_info=\u00bb{}\u00bb]<\/p>\n<h1 style=\"text-align: left;\">Jardines del Palacio Orl\u00e9ans-Borb\u00f3n<\/h1>\n<p>[\/et_pb_text][et_pb_text _builder_version=\u00bb4.27.4&#8243; _module_preset=\u00bbdefault\u00bb height=\u00bb220px\u00bb custom_margin=\u00bb|20px||20px|false|false\u00bb global_colors_info=\u00bb{}\u00bb]<\/p>\n<p style=\"text-align: justify;\">Recorrido hist\u00f3rico-patrimonial guiado por los Jardines del Palacio Orl\u00e9ans-Borb\u00f3n, hist\u00f3rico jard\u00edn bot\u00e1nico de mediados del siglo XIX.<\/p>\n<p>[\/et_pb_text][et_pb_code _builder_version=\u00bb4.27.4&#8243; _module_preset=\u00bbdefault\u00bb global_colors_info=\u00bb{}\u00bb]<\/p>\n<style><!-- [et_pb_line_break_holder] -->  .ruta-stats {<!-- [et_pb_line_break_holder] -->    display: flex;<!-- [et_pb_line_break_holder] -->    justify-content: space-between;<!-- [et_pb_line_break_holder] -->    gap: 16px;<!-- [et_pb_line_break_holder] -->    border-top: 1px solid rgba(0,0,0,0.08);<!-- [et_pb_line_break_holder] -->    padding: 16px 24px 24px;<!-- [et_pb_line_break_holder] -->    margin-top: 16px;<!-- [et_pb_line_break_holder] -->  }<!-- [et_pb_line_break_holder] -->  .ruta-stat-label {<!-- [et_pb_line_break_holder] -->    display: block;<!-- [et_pb_line_break_holder] -->    font-size: 10px;<!-- [et_pb_line_break_holder] -->    letter-spacing: 1px;<!-- [et_pb_line_break_holder] -->    text-transform: uppercase;<!-- [et_pb_line_break_holder] -->    color: #999;<!-- [et_pb_line_break_holder] -->    margin-bottom: 4px;<!-- [et_pb_line_break_holder] -->  }<!-- [et_pb_line_break_holder] -->  .ruta-stat-value {<!-- [et_pb_line_break_holder] -->    display: block;<!-- [et_pb_line_break_holder] -->    font-size: 14px;<!-- [et_pb_line_break_holder] -->    color: #2b2b2b;<!-- [et_pb_line_break_holder] -->  }<!-- [et_pb_line_break_holder] --><\/style>\n<p><!-- [et_pb_line_break_holder] --><!-- [et_pb_line_break_holder] --><\/p>\n<div class=\"ruta-stats\"><!-- [et_pb_line_break_holder] -->  <\/p>\n<div><!-- [et_pb_line_break_holder] -->    <span class=\"ruta-stat-label\">Hora<\/span><!-- [et_pb_line_break_holder] -->    <span class=\"ruta-stat-value\">11:00h<\/span><!-- [et_pb_line_break_holder] -->  <\/div>\n<p><!-- [et_pb_line_break_holder] -->  <\/p>\n<div><!-- [et_pb_line_break_holder] -->    <span class=\"ruta-stat-label\">Duraci\u00f3n<\/span><!-- [et_pb_line_break_holder] -->    <span class=\"ruta-stat-value\">1h 30min<\/span><!-- [et_pb_line_break_holder] -->  <\/div>\n<p><!-- [et_pb_line_break_holder] -->  <\/p>\n<div><!-- [et_pb_line_break_holder] -->    <span class=\"ruta-stat-label\">Aforo<\/span><!-- [et_pb_line_break_holder] -->    <span class=\"ruta-stat-value\">20 pers.<\/span><!-- [et_pb_line_break_holder] -->  <\/div>\n<p><!-- [et_pb_line_break_holder] --><\/div>\n<p>[\/et_pb_code][et_pb_button button_text=\u00bbReservar\u00bb button_alignment=\u00bbcenter\u00bb _builder_version=\u00bb4.27.4&#8243; _module_preset=\u00bbdefault\u00bb button_rel=\u00bboff|off|off|off|off\u00bb positioning=\u00bbabsolute\u00bb position_origin_a=\u00bbbottom_center\u00bb custom_margin=\u00bb-20px||20px||false|false\u00bb custom_css_free_form=\u00bbselector {||  margin-top: auto;||  align-self: flex-end;||  opacity: 0.5;||  cursor: not-allowed;||  pointer-events: none;||}\u00bb global_colors_info=\u00bb{}\u00bb][\/et_pb_button][\/et_pb_column][et_pb_column type=\u00bb1_3&#8243; _builder_version=\u00bb4.27.4&#8243; _module_preset=\u00bbdefault\u00bb global_colors_info=\u00bb{}\u00bb][et_pb_image src=\u00bbhttps:\/\/caballerizasmontpensier.com\/wp-content\/uploads\/2026\/08\/01_0.jpg\u00bb alt=\u00bb\u201cRuta de los Montpensier (II). Entorno del Palacio Orl\u00e9ans-Borb\u00f3n\u201d\u00bb title_text=\u00bb01_0&#8243; _builder_version=\u00bb4.27.4&#8243; _module_preset=\u00bbdefault\u00bb height=\u00bb250px\u00bb custom_css_free_form=\u00bbselector img {||  object-fit: cover;||  border-radius: 8px 8px 0 0;||}\u00bb locked=\u00bboff\u00bb global_colors_info=\u00bb{}\u00bb][\/et_pb_image][et_pb_text _builder_version=\u00bb4.27.4&#8243; _module_preset=\u00bbdefault\u00bb custom_margin=\u00bb|20px||20px|false|false\u00bb global_colors_info=\u00bb{}\u00bb]<\/p>\n<p>RUTA II &#8211; 24 Septiembre<\/p>\n<p>[\/et_pb_text][et_pb_text _builder_version=\u00bb4.27.4&#8243; _module_preset=\u00bbdefault\u00bb text_font=\u00bbAbhaya Libre||on||||||\u00bb text_font_size=\u00bb33px\u00bb text_line_height=\u00bb1.2em\u00bb text_orientation=\u00bbcenter\u00bb custom_margin=\u00bb|20px||20px|false|false\u00bb locked=\u00bboff\u00bb global_colors_info=\u00bb{}\u00bb]<\/p>\n<h1 style=\"text-align: left;\">Entorno del Palacio Orl\u00e9ans-Borb\u00f3n<\/h1>\n<p>[\/et_pb_text][et_pb_text _builder_version=\u00bb4.27.4&#8243; _module_preset=\u00bbdefault\u00bb custom_margin=\u00bb|20px|80px|20px|false|false\u00bb locked=\u00bboff\u00bb global_colors_info=\u00bb{}\u00bb]<\/p>\n<p style=\"text-align: justify;\">Recorrido hist\u00f3rico-patrimonial guiado por el entorno exterior del Palacio Orl\u00e9ans-Borb\u00f3n desde el exterior del Auditorio \u201cManolo Sanl\u00facar\u201d hasta el exterior de la Casa de Maternidad. Incluye recorrido por el jard\u00edn delantero, la fachada principal y el zagu\u00e1n del Palacio Orl\u00e9ans-Borb\u00f3n.<\/p>\n<p>[\/et_pb_text][et_pb_code _builder_version=\u00bb4.27.4&#8243; _module_preset=\u00bbdefault\u00bb locked=\u00bboff\u00bb global_colors_info=\u00bb{}\u00bb]<\/p>\n<style><!-- [et_pb_line_break_holder] -->  .ruta-stats {<!-- [et_pb_line_break_holder] -->    display: flex;<!-- [et_pb_line_break_holder] -->    justify-content: space-between;<!-- [et_pb_line_break_holder] -->    gap: 16px;<!-- [et_pb_line_break_holder] -->    border-top: 1px solid rgba(0,0,0,0.08);<!-- [et_pb_line_break_holder] -->    padding: 16px 24px 24px;<!-- [et_pb_line_break_holder] -->    margin-top: 16px;<!-- [et_pb_line_break_holder] -->  }<!-- [et_pb_line_break_holder] -->  .ruta-stat-label {<!-- [et_pb_line_break_holder] -->    display: block;<!-- [et_pb_line_break_holder] -->    font-size: 10px;<!-- [et_pb_line_break_holder] -->    letter-spacing: 1px;<!-- [et_pb_line_break_holder] -->    text-transform: uppercase;<!-- [et_pb_line_break_holder] -->    color: #999;<!-- [et_pb_line_break_holder] -->    margin-bottom: 4px;<!-- [et_pb_line_break_holder] -->  }<!-- [et_pb_line_break_holder] -->  .ruta-stat-value {<!-- [et_pb_line_break_holder] -->    display: block;<!-- [et_pb_line_break_holder] -->    font-size: 14px;<!-- [et_pb_line_break_holder] -->    color: #2b2b2b;<!-- [et_pb_line_break_holder] -->  }<!-- [et_pb_line_break_holder] --><\/style>\n<p><!-- [et_pb_line_break_holder] --><!-- [et_pb_line_break_holder] --><\/p>\n<div class=\"ruta-stats\"><!-- [et_pb_line_break_holder] -->  <\/p>\n<div><!-- [et_pb_line_break_holder] -->    <span class=\"ruta-stat-label\">Hora<\/span><!-- [et_pb_line_break_holder] -->    <span class=\"ruta-stat-value\">11:00h<\/span><!-- [et_pb_line_break_holder] -->  <\/div>\n<p><!-- [et_pb_line_break_holder] -->  <\/p>\n<div><!-- [et_pb_line_break_holder] -->    <span class=\"ruta-stat-label\">Duraci\u00f3n<\/span><!-- [et_pb_line_break_holder] -->    <span class=\"ruta-stat-value\">1h 30min<\/span><!-- [et_pb_line_break_holder] -->  <\/div>\n<p><!-- [et_pb_line_break_holder] -->  <\/p>\n<div><!-- [et_pb_line_break_holder] -->    <span class=\"ruta-stat-label\">Aforo<\/span><!-- [et_pb_line_break_holder] -->    <span class=\"ruta-stat-value\">20 pers.<\/span><!-- [et_pb_line_break_holder] -->  <\/div>\n<p><!-- [et_pb_line_break_holder] --><\/div>\n<p>[\/et_pb_code][et_pb_button button_text=\u00bbReservar\u00bb button_alignment=\u00bbcenter\u00bb _builder_version=\u00bb4.27.4&#8243; _module_preset=\u00bbdefault\u00bb button_rel=\u00bboff|off|off|off|off\u00bb positioning=\u00bbabsolute\u00bb position_origin_a=\u00bbbottom_center\u00bb custom_margin=\u00bb-20px||20px||false|false\u00bb custom_css_free_form=\u00bbselector {||  margin-top: auto;||  align-self: flex-end;||  opacity: 0.5;||  cursor: not-allowed;||  pointer-events: none;||}\u00bb locked=\u00bboff\u00bb global_colors_info=\u00bb{}\u00bb][\/et_pb_button][\/et_pb_column][et_pb_column type=\u00bb1_3&#8243; _builder_version=\u00bb4.27.4&#8243; _module_preset=\u00bbdefault\u00bb global_colors_info=\u00bb{}\u00bb][et_pb_image src=\u00bbhttps:\/\/caballerizasmontpensier.com\/wp-content\/uploads\/2026\/08\/IMG_3090-scaled-1.jpg\u00bb title_text=\u00bbLas Caballerizas de los Infantes-Duques\u00bb force_fullwidth=\u00bbon\u00bb _builder_version=\u00bb4.27.4&#8243; _module_preset=\u00bbdefault\u00bb height=\u00bb250px\u00bb custom_css_free_form=\u00bbselector img {||  object-fit: cover;||  border-radius: 8px 8px 0 0;||}\u00bb locked=\u00bboff\u00bb global_colors_info=\u00bb{}\u00bb][\/et_pb_image][et_pb_text _builder_version=\u00bb4.27.4&#8243; _module_preset=\u00bbdefault\u00bb custom_margin=\u00bb|20px||20px|false|false\u00bb global_colors_info=\u00bb{}\u00bb]<\/p>\n<p>RUTA III &#8211; 25 Septiembre<\/p>\n<p>[\/et_pb_text][et_pb_text _builder_version=\u00bb4.27.4&#8243; _module_preset=\u00bbdefault\u00bb text_font=\u00bbAbhaya Libre||on||||||\u00bb text_font_size=\u00bb33px\u00bb text_line_height=\u00bb1.2em\u00bb text_orientation=\u00bbcenter\u00bb custom_margin=\u00bb|20px||20px|false|false\u00bb locked=\u00bboff\u00bb global_colors_info=\u00bb{}\u00bb]<\/p>\n<h1 style=\"text-align: left;\">Las Caballerizas de los Infantes-Duques<\/h1>\n<p>[\/et_pb_text][et_pb_text _builder_version=\u00bb4.27.4&#8243; _module_preset=\u00bbdefault\u00bb height=\u00bb220px\u00bb custom_margin=\u00bb|20px||20px|false|false\u00bb locked=\u00bboff\u00bb global_colors_info=\u00bb{}\u00bb]<\/p>\n<p style=\"text-align: justify;\">Recorrido hist\u00f3rico-patrimonial guiado por las antiguas Caballerizas del Palacio Orl\u00e9ans-Borb\u00f3n, hoy sede de las Bodegas de Los Infantes. Incluye: fachada, Bodega de la Manzanilla, Patio de Carruajes, Patio de Las Beatas, Bodega de los Generosos, Sacrist\u00eda.<\/p>\n<p>[\/et_pb_text][et_pb_code _builder_version=\u00bb4.27.4&#8243; _module_preset=\u00bbdefault\u00bb locked=\u00bboff\u00bb global_colors_info=\u00bb{}\u00bb]<\/p>\n<style><!-- [et_pb_line_break_holder] -->  .ruta-stats {<!-- [et_pb_line_break_holder] -->    display: flex;<!-- [et_pb_line_break_holder] -->    justify-content: space-between;<!-- [et_pb_line_break_holder] -->    gap: 16px;<!-- [et_pb_line_break_holder] -->    border-top: 1px solid rgba(0,0,0,0.08);<!-- [et_pb_line_break_holder] -->    padding: 16px 24px 24px;<!-- [et_pb_line_break_holder] -->    margin-top: 16px;<!-- [et_pb_line_break_holder] -->  }<!-- [et_pb_line_break_holder] -->  .ruta-stat-label {<!-- [et_pb_line_break_holder] -->    display: block;<!-- [et_pb_line_break_holder] -->    font-size: 10px;<!-- [et_pb_line_break_holder] -->    letter-spacing: 1px;<!-- [et_pb_line_break_holder] -->    text-transform: uppercase;<!-- [et_pb_line_break_holder] -->    color: #999;<!-- [et_pb_line_break_holder] -->    margin-bottom: 4px;<!-- [et_pb_line_break_holder] -->  }<!-- [et_pb_line_break_holder] -->  .ruta-stat-value {<!-- [et_pb_line_break_holder] -->    display: block;<!-- [et_pb_line_break_holder] -->    font-size: 14px;<!-- [et_pb_line_break_holder] -->    color: #2b2b2b;<!-- [et_pb_line_break_holder] -->  }<!-- [et_pb_line_break_holder] --><\/style>\n<p><!-- [et_pb_line_break_holder] --><!-- [et_pb_line_break_holder] --><\/p>\n<div class=\"ruta-stats\"><!-- [et_pb_line_break_holder] -->  <\/p>\n<div><!-- [et_pb_line_break_holder] -->    <span class=\"ruta-stat-label\">Hora<\/span><!-- [et_pb_line_break_holder] -->    <span class=\"ruta-stat-value\">11:00h<\/span><!-- [et_pb_line_break_holder] -->        <span class=\"ruta-stat-value\">13:00h<\/span><!-- [et_pb_line_break_holder] --><!-- [et_pb_line_break_holder] -->    <!-- [et_pb_line_break_holder] -->  <\/div>\n<p><!-- [et_pb_line_break_holder] -->  <\/p>\n<div><!-- [et_pb_line_break_holder] -->    <span class=\"ruta-stat-label\">Duraci\u00f3n<\/span><!-- [et_pb_line_break_holder] -->    <span class=\"ruta-stat-value\">1h 30min<\/span><!-- [et_pb_line_break_holder] -->    <span class=\"ruta-stat-value\">1h 30min<\/span><!-- [et_pb_line_break_holder] -->  <\/div>\n<p><!-- [et_pb_line_break_holder] -->  <\/p>\n<div><!-- [et_pb_line_break_holder] -->    <span class=\"ruta-stat-label\">Aforo<\/span><!-- [et_pb_line_break_holder] -->    <span class=\"ruta-stat-value\">20 pers.<\/span><!-- [et_pb_line_break_holder] -->    <span class=\"ruta-stat-value\">20 pers.<\/span><!-- [et_pb_line_break_holder] -->  <\/div>\n<p><!-- [et_pb_line_break_holder] --><\/div>\n<p>[\/et_pb_code][et_pb_button button_text=\u00bbReservar\u00bb button_alignment=\u00bbcenter\u00bb _builder_version=\u00bb4.27.4&#8243; _module_preset=\u00bbdefault\u00bb button_rel=\u00bboff|off|off|off|off\u00bb position_origin_a=\u00bbbottom_left\u00bb custom_margin=\u00bb-20px||20px||false|false\u00bb custom_css_free_form=\u00bbselector {||  margin-top: auto;||  align-self: flex-end;||  opacity: 0.5;||  cursor: not-allowed;||  pointer-events: none;||}\u00bb locked=\u00bboff\u00bb global_colors_info=\u00bb{}\u00bb][\/et_pb_button][\/et_pb_column][\/et_pb_row][\/et_pb_section][et_pb_section fb_built=\u00bb1&#8243; prev_background_color=\u00bb#ffffff\u00bb disabled_on=\u00bbon|on|on\u00bb _builder_version=\u00bb4.27.4&#8243; _module_preset=\u00bbdefault\u00bb background_color=\u00bb#000000&#8243; custom_padding=\u00bb||0px|||\u00bb top_divider_style=\u00bbtriangle\u00bb top_divider_height=\u00bb44px\u00bb top_divider_flip=\u00bbvertical\u00bb disabled=\u00bbon\u00bb global_colors_info=\u00bb{}\u00bb][et_pb_row _builder_version=\u00bb4.27.4&#8243; _module_preset=\u00bbdefault\u00bb custom_margin=\u00bb-5px|auto||auto||\u00bb custom_padding=\u00bb13px|||||\u00bb global_colors_info=\u00bb{}\u00bb][et_pb_column type=\u00bb4_4&#8243; _builder_version=\u00bb4.27.4&#8243; _module_preset=\u00bbdefault\u00bb global_colors_info=\u00bb{}\u00bb][et_pb_text _builder_version=\u00bb4.27.4&#8243; _module_preset=\u00bbdefault\u00bb text_text_color=\u00bb#FFFFFF\u00bb header_text_color=\u00bb#FFFFFF\u00bb header_font_size=\u00bb41px\u00bb global_colors_info=\u00bb{}\u00bb]<\/p>\n<h1 style=\"text-align: center;\">Catas<\/h1>\n<p>[\/et_pb_text][\/et_pb_column][\/et_pb_row][et_pb_row column_structure=\u00bb1_4,1_2,1_4&#8243; _builder_version=\u00bb4.27.4&#8243; _module_preset=\u00bbdefault\u00bb width=\u00bb100%\u00bb max_width=\u00bb1505px\u00bb custom_margin=\u00bb-5px|auto||auto||\u00bb custom_padding=\u00bb||3px|||\u00bb global_colors_info=\u00bb{}\u00bb][et_pb_column type=\u00bb1_4&#8243; _builder_version=\u00bb4.27.4&#8243; _module_preset=\u00bbdefault\u00bb global_colors_info=\u00bb{}\u00bb][et_pb_image src=\u00bbhttps:\/\/caballerizasmontpensier.com\/wp-content\/uploads\/2026\/06\/IMG_3035-scaled.jpeg\u00bb title_text=\u00bbIMG_3035&#8243; _builder_version=\u00bb4.27.4&#8243; _module_preset=\u00bbdefault\u00bb global_colors_info=\u00bb{}\u00bb][\/et_pb_image][et_pb_image src=\u00bbhttps:\/\/caballerizasmontpensier.com\/wp-content\/uploads\/2026\/06\/IMG_2101-scaled.jpeg\u00bb title_text=\u00bbIMG_2101&#8243; _builder_version=\u00bb4.27.4&#8243; _module_preset=\u00bbdefault\u00bb global_colors_info=\u00bb{}\u00bb][\/et_pb_image][\/et_pb_column][et_pb_column type=\u00bb1_2&#8243; _builder_version=\u00bb4.27.4&#8243; _module_preset=\u00bbdefault\u00bb global_colors_info=\u00bb{}\u00bb][et_pb_text _builder_version=\u00bb4.27.4&#8243; _module_preset=\u00bbdefault\u00bb text_line_height=\u00bb1.4em\u00bb custom_margin=\u00bb|20px||16px||\u00bb global_colors_info=\u00bb{}\u00bb]<\/p>\n<h3 data-start=\"194\" data-end=\"245\" style=\"text-align: center;\"><strong><span style=\"color: #ffffff;\">Vive una experiencia con sabor a Andaluc\u00eda<\/span><\/strong><\/h3>\n<p>&nbsp;<\/p>\n<p data-start=\"247\" data-end=\"333\" style=\"text-align: justify;\"><span style=\"color: #ffffff; font-size: large;\">\u00bfTe apetece descubrir los secretos del vino y el aceite de oliva como nunca antes?<\/span><\/p>\n<p data-start=\"335\" data-end=\"526\" style=\"text-align: justify;\"><span style=\"color: #ffffff; font-size: large;\">Te invitamos a disfrutar de nuestras <strong data-start=\"372\" data-end=\"408\">catas guiadas de vinos y aceites<\/strong>, una experiencia sensorial que te llevar\u00e1 a conocer, saborear y apreciar dos pilares de nuestra cultura mediterr\u00e1nea.<\/span><\/p>\n<p>[\/et_pb_text][et_pb_code _builder_version=\u00bb4.27.4&#8243; _module_preset=\u00bbdefault\u00bb global_colors_info=\u00bb{}\u00bb]<script type=\"text\/javascript\" id_elemento=\"23834\" tipo_elemento=\"2\" idw=\"4501\" w_param=\"getURL\" paramHash=\"3f5acdb040b829a4ad85cdb54943d1a5b1e2bcd3\" src=\"https:\/\/www.mrplan.es\/experiencias\/modulos\/TExpReverse\/lib\/TExpReverseInc.php?id_experiencia=23834&#038;idw=4501&#038;paramHash=3f5acdb040b829a4ad85cdb54943d1a5b1e2bcd3\"><\/script>[\/et_pb_code][et_pb_code _builder_version=\u00bb4.27.4&#8243; _module_preset=\u00bbdefault\u00bb global_colors_info=\u00bb{}\u00bb]<script type=\"text\/javascript\" id_elemento=\"23835\" tipo_elemento=\"2\" idw=\"4501\" w_param=\"getURL\" paramHash=\"3f5acdb040b829a4ad85cdb54943d1a5b1e2bcd3\" src=\"https:\/\/www.mrplan.es\/experiencias\/modulos\/TExpReverse\/lib\/TExpReverseInc.php?id_experiencia=23835&#038;idw=4501&#038;paramHash=3f5acdb040b829a4ad85cdb54943d1a5b1e2bcd3\"><\/script>[\/et_pb_code][\/et_pb_column][et_pb_column type=\u00bb1_4&#8243; _builder_version=\u00bb4.27.4&#8243; _module_preset=\u00bbdefault\u00bb global_colors_info=\u00bb{}\u00bb][et_pb_image src=\u00bbhttps:\/\/caballerizasmontpensier.com\/wp-content\/uploads\/2025\/08\/92686083_1400930926760032_6902910926060519424_n.jpg\u00bb title_text=\u00bb92686083_1400930926760032_6902910926060519424_n\u00bb _builder_version=\u00bb4.27.4&#8243; _module_preset=\u00bbdefault\u00bb global_colors_info=\u00bb{}\u00bb][\/et_pb_image][et_pb_image src=\u00bbhttps:\/\/caballerizasmontpensier.com\/wp-content\/uploads\/2026\/06\/116156851_1497426343777156_2801991171254404164_n.jpg\u00bb title_text=\u00bb116156851_1497426343777156_2801991171254404164_n\u00bb _builder_version=\u00bb4.27.4&#8243; _module_preset=\u00bbdefault\u00bb global_colors_info=\u00bb{}\u00bb][\/et_pb_image][\/et_pb_column][\/et_pb_row][\/et_pb_section][et_pb_section fb_built=\u00bb1&#8243; next_background_color=\u00bb#FFFFFF\u00bb _builder_version=\u00bb4.27.4&#8243; _module_preset=\u00bbdefault\u00bb background_color=\u00bb#2b2b2b\u00bb custom_padding=\u00bb0px|||||\u00bb bottom_divider_style=\u00bbramp2&#8243; global_colors_info=\u00bb{}\u00bb][et_pb_row _builder_version=\u00bb4.27.4&#8243; _module_preset=\u00bbdefault\u00bb custom_margin=\u00bb-2px|auto||auto||\u00bb custom_padding=\u00bb5px|||||\u00bb global_colors_info=\u00bb{}\u00bb][et_pb_column type=\u00bb4_4&#8243; _builder_version=\u00bb4.27.4&#8243; _module_preset=\u00bbdefault\u00bb global_colors_info=\u00bb{}\u00bb][et_pb_text _builder_version=\u00bb4.27.4&#8243; _module_preset=\u00bbdefault\u00bb text_font=\u00bbAbhaya Libre||on||||||\u00bb text_font_size=\u00bb33px\u00bb text_line_height=\u00bb1.2em\u00bb text_orientation=\u00bbcenter\u00bb custom_margin=\u00bb56px|||||\u00bb global_colors_info=\u00bb{}\u00bb]<\/p>\n<p><span style=\"color: #ffffff;\">\u00abUn lugar con historia para celebrar la tuya\u00bb<\/span><\/p>\n<p>[\/et_pb_text][et_pb_text _builder_version=\u00bb4.27.4&#8243; _module_preset=\u00bbdefault\u00bb global_colors_info=\u00bb{}\u00bb]<\/p>\n<p data-start=\"713\" data-end=\"750\" style=\"text-align: justify;\"><span style=\"font-size: large; color: #ffffff;\">Cada celebraci\u00f3n merece un lugar excepcional. En Caballeriza de Montpensier encontrar\u00e1 espacios llenos de car\u00e1cter, patrimonio y elegancia, preparados para acoger desde eventos privados hasta grandes encuentros corporativos. Un enclave \u00fanico donde la historia se convierte en el mejor escenario para compartir momentos irrepetibles.<\/span><\/p>\n<p>[\/et_pb_text][et_pb_image src=\u00bbhttps:\/\/caballerizasmontpensier.com\/wp-content\/uploads\/2025\/07\/IMG_3090-scaled.jpg\u00bb title_text=\u00bbIMG_3090&#8243; disabled_on=\u00bbon|on|on\u00bb _builder_version=\u00bb4.27.4&#8243; _module_preset=\u00bbdefault\u00bb custom_margin=\u00bb55px|||||\u00bb border_width_all=\u00bb3px\u00bb border_color_all=\u00bb#c1ac4b\u00bb disabled=\u00bbon\u00bb global_colors_info=\u00bb{}\u00bb][\/et_pb_image][\/et_pb_column][\/et_pb_row][et_pb_row disabled_on=\u00bbon|on|on\u00bb _builder_version=\u00bb4.27.4&#8243; _module_preset=\u00bbdefault\u00bb disabled=\u00bbon\u00bb global_colors_info=\u00bb{}\u00bb][et_pb_column type=\u00bb4_4&#8243; _builder_version=\u00bb4.27.4&#8243; _module_preset=\u00bbdefault\u00bb global_colors_info=\u00bb{}\u00bb][et_pb_text _builder_version=\u00bb4.27.4&#8243; _module_preset=\u00bbdefault\u00bb global_colors_info=\u00bb{}\u00bb]<\/p>\n<p data-start=\"713\" data-end=\"750\" style=\"text-align: justify;\"><span class=\"relative -mx-px my-[-0.2rem] rounded px-px py-[0.2rem] transition-colors duration-100 ease-in-out\" style=\"font-size: large; color: #ffffff;\">Este singular enclave pone a su disposici\u00f3n una exquisita selecci\u00f3n de espacios con encanto, ideales para celebrar todo tipo de eventos. Contamos con <strong data-start=\"150\" data-end=\"177\">tres salones interiores<\/strong> y <strong data-start=\"180\" data-end=\"219\">dos patios empedrados al aire libre<\/strong>, perfectamente acondicionados y vers\u00e1tiles para adaptarse a cada necesidad:<\/span><\/p>\n<ul data-start=\"752\" data-end=\"1111\" style=\"text-align: justify;\">\n<li data-start=\"752\" data-end=\"791\">\n<p data-start=\"754\" data-end=\"791\"><span class=\"relative -mx-px my-[-0.2rem] rounded px-px py-[0.2rem] transition-colors duration-100 ease-in-out\" style=\"font-size: large; color: #ffffff;\"><strong data-start=\"0\" data-end=\"17\" data-is-only-node=\"\">Sal\u00f3n Orle\u00e1ns<\/strong> (planta alta): el principal, con casi 600\u202fm\u00b2, decorado con elegancia historicista, configurable para congresos, cenas de gala o grandes celebraciones.<\/span><\/p>\n<\/li>\n<li data-start=\"792\" data-end=\"870\">\n<p data-start=\"794\" data-end=\"870\"><span class=\"relative -mx-px my-[-0.2rem] rounded px-px py-[0.2rem] transition-colors duration-100 ease-in-out\" style=\"font-size: large; color: #ffffff;\"><strong data-start=\"0\" data-end=\"29\" data-is-only-node=\"\">Sal\u00f3n Pr\u00edncipe Don \u00c1lvaro<\/strong> (planta baja): antigua bodega rodeada de botas de manzanilla, con unos 200\u202fm\u00b2, ideal para almuerzos, presentaciones corporativas o reuniones de empresa.<\/span><\/p>\n<\/li>\n<li data-start=\"792\" data-end=\"870\">\n<p data-start=\"794\" data-end=\"870\"><span style=\"font-size: large; color: #ffffff;\"><span class=\"relative -mx-px my-[-0.2rem] rounded px-px py-[0.2rem] transition-colors duration-100 ease-in-out\"><\/span><span class=\"relative -mx-px my-[-0.2rem] rounded px-px py-[0.2rem] transition-colors duration-100 ease-in-out\"><strong data-start=\"0\" data-end=\"26\" data-is-only-node=\"\">Patio de los Carruajes<\/strong>: amplio (420\u202fm\u00b2), ideal para eventos al aire libre, con capacidad para m\u00e1s de 600 personas de pie o unos 540 sentadas<\/span>\u00a0<\/span><\/p>\n<\/li>\n<li data-start=\"1029\" data-end=\"1111\">\n<p data-start=\"1031\" data-end=\"1111\"><span class=\"relative -mx-px my-[-0.2rem] rounded px-px py-[0.2rem] transition-colors duration-100 ease-in-out\" style=\"font-size: large; color: #ffffff;\"><strong data-start=\"0\" data-end=\"23\" data-is-only-node=\"\">Patio de las Beatas<\/strong>: m\u00e1s \u00edntimo (150\u202fm\u00b2), conecta con el sal\u00f3n Orle\u00e1ns, con aforo para 220 personas sentadas o 450 de pie.<\/span><\/p>\n<\/li>\n<\/ul>\n<p data-start=\"1488\" data-end=\"1568\">\n<p>[\/et_pb_text][et_pb_gallery gallery_ids=\u00bb52,53,209,55,112,113,114,115,116,117,118,119&#8243; orientation=\u00bbportrait\u00bb show_title_and_caption=\u00bboff\u00bb _builder_version=\u00bb4.27.4&#8243; _module_preset=\u00bbdefault\u00bb global_colors_info=\u00bb{}\u00bb][\/et_pb_gallery][\/et_pb_column][\/et_pb_row][et_pb_row column_structure=\u00bb1_2,1_2&#8243; _builder_version=\u00bb4.27.4&#8243; _module_preset=\u00bbdefault\u00bb custom_css_free_form=\u00bbselector .et_pb_column {||  background: #1a1a1a;||  border-radius: 10px;||  overflow: hidden;||  padding: 10px;||}\u00bb global_colors_info=\u00bb{}\u00bb][et_pb_column type=\u00bb1_2&#8243; _builder_version=\u00bb4.27.4&#8243; _module_preset=\u00bbdefault\u00bb global_colors_info=\u00bb{}\u00bb][et_pb_image src=\u00bbhttps:\/\/caballerizasmontpensier.com\/wp-content\/uploads\/2026\/09\/WhatsApp-Image-2026-08-31-at-11.14.45.jpeg\u00bb title_text=\u00bbWhatsApp Image 2026-08-31 at 11.14.45&#8243; force_fullwidth=\u00bbon\u00bb _builder_version=\u00bb4.27.4&#8243; _module_preset=\u00bbdefault\u00bb height=\u00bb300px\u00bb custom_css_free_form=\u00bbselector img {||  object-fit: cover;||  width: 100%;||  border-radius: 6px;||}\u00bb global_colors_info=\u00bb{}\u00bb][\/et_pb_image][et_pb_text _builder_version=\u00bb4.27.4&#8243; _module_preset=\u00bbdefault\u00bb text_font=\u00bbAbhaya Libre||on||||||\u00bb text_font_size=\u00bb33px\u00bb text_line_height=\u00bb1.2em\u00bb text_orientation=\u00bbcenter\u00bb locked=\u00bboff\u00bb global_colors_info=\u00bb{}\u00bb]<\/p>\n<h1 style=\"text-align: left;\"><span style=\"color: #ffffff;\">Sal\u00f3n Orleans<\/span><\/h1>\n<p>[\/et_pb_text][et_pb_text _builder_version=\u00bb4.27.4&#8243; _module_preset=\u00bbdefault\u00bb custom_margin=\u00bb0px||15px||false|false\u00bb custom_css_free_form=\u00bbselector {||  border-bottom: 1px solid rgba(255,255,255,0.15);||  padding-bottom: 20px;||  margin-bottom: 20px;||}\u00bb global_colors_info=\u00bb{}\u00bb]<\/p>\n<p><span style=\"color: #ffffff;\">El sal\u00f3n principal, con casi 600 metros cuadrados, decorado con elegancia historicista. Configurable para congresos, cenas de gala o grandes celebraciones.<\/span><\/p>\n<p>[\/et_pb_text][et_pb_code _builder_version=\u00bb4.27.4&#8243; _module_preset=\u00bbdefault\u00bb custom_margin=\u00bb||10px||false|false\u00bb global_colors_info=\u00bb{}\u00bb]<\/p>\n<style><!-- [et_pb_line_break_holder] -->  .stats-row {<!-- [et_pb_line_break_holder] -->    display: flex;<!-- [et_pb_line_break_holder] -->    justify-content: left;<!-- [et_pb_line_break_holder] -->    gap: 24px;<!-- [et_pb_line_break_holder] -->  }<!-- [et_pb_line_break_holder] -->  .stat-label {<!-- [et_pb_line_break_holder] -->    display: block;<!-- [et_pb_line_break_holder] -->    font-size: 11px;<!-- [et_pb_line_break_holder] -->    letter-spacing: 1px;<!-- [et_pb_line_break_holder] -->    text-transform: uppercase;<!-- [et_pb_line_break_holder] -->    color: #999;<!-- [et_pb_line_break_holder] -->    margin-bottom: 4px;<!-- [et_pb_line_break_holder] -->  }<!-- [et_pb_line_break_holder] -->  .stat-value {<!-- [et_pb_line_break_holder] -->    display: block;<!-- [et_pb_line_break_holder] -->    font-size: 16px;<!-- [et_pb_line_break_holder] -->    color: #c9a45c;<!-- [et_pb_line_break_holder] -->  }<!-- [et_pb_line_break_holder] --><\/style>\n<p><!-- [et_pb_line_break_holder] --><!-- [et_pb_line_break_holder] --><\/p>\n<div class=\"stats-row\"><!-- [et_pb_line_break_holder] -->  <\/p>\n<div class=\"stat\"><!-- [et_pb_line_break_holder] -->    <span class=\"stat-label\">Superficie<\/span><!-- [et_pb_line_break_holder] -->    <span class=\"stat-value\">600 m\u00b2<\/span><!-- [et_pb_line_break_holder] -->  <\/div>\n<p><!-- [et_pb_line_break_holder] -->  <\/p>\n<div class=\"stat\"><!-- [et_pb_line_break_holder] -->    <span class=\"stat-label\">Aforo<\/span><!-- [et_pb_line_break_holder] -->    <span class=\"stat-value\">280 personas<\/span><!-- [et_pb_line_break_holder] -->  <\/div>\n<p><!-- [et_pb_line_break_holder] --><\/div>\n<p>[\/et_pb_code][\/et_pb_column][et_pb_column type=\u00bb1_2&#8243; _builder_version=\u00bb4.27.4&#8243; _module_preset=\u00bbdefault\u00bb global_colors_info=\u00bb{}\u00bb][et_pb_image src=\u00bbhttps:\/\/caballerizasmontpensier.com\/wp-content\/uploads\/2026\/09\/WhatsApp-Image-2026-08-31-at-11.19.55.jpeg\u00bb title_text=\u00bbsalon-don-alvaro\u00bb force_fullwidth=\u00bbon\u00bb _builder_version=\u00bb4.27.4&#8243; _module_preset=\u00bbdefault\u00bb height=\u00bb300px\u00bb custom_css_free_form=\u00bbselector img {||  object-fit: cover;||  width: 100%;||  border-radius: 6px;||}\u00bb locked=\u00bboff\u00bb global_colors_info=\u00bb{}\u00bb][\/et_pb_image][et_pb_text _builder_version=\u00bb4.27.4&#8243; _module_preset=\u00bbdefault\u00bb text_font=\u00bbAbhaya Libre||on||||||\u00bb text_font_size=\u00bb33px\u00bb text_line_height=\u00bb1.2em\u00bb text_orientation=\u00bbcenter\u00bb locked=\u00bboff\u00bb global_colors_info=\u00bb{}\u00bb]<\/p>\n<h1 style=\"text-align: left;\"><span style=\"color: #ffffff;\">Sal\u00f3n Pr\u00edncipe Don \u00c1lvaro<\/span><\/h1>\n<p>[\/et_pb_text][et_pb_text _builder_version=\u00bb4.27.4&#8243; _module_preset=\u00bbdefault\u00bb custom_margin=\u00bb0px||15px||false|false\u00bb custom_css_free_form=\u00bbselector {||  border-bottom: 1px solid rgba(255,255,255,0.15);||  padding-bottom: 20px;||  margin-bottom: 20px;||}\u00bb locked=\u00bboff\u00bb global_colors_info=\u00bb{}\u00bb]<\/p>\n<p><span style=\"color: #ffffff;\">Antigua bodega rodeada de botas de manzanilla, con unos 200 metros cuadrados. Ideal para almuerzos, presentaciones corporativas o reuniones de empresa.<\/span><\/p>\n<p>[\/et_pb_text][et_pb_code _builder_version=\u00bb4.27.4&#8243; _module_preset=\u00bbdefault\u00bb custom_margin=\u00bb||10px||false|false\u00bb locked=\u00bboff\u00bb global_colors_info=\u00bb{}\u00bb]<\/p>\n<style><!-- [et_pb_line_break_holder] -->  .stats-row {<!-- [et_pb_line_break_holder] -->    display: flex;<!-- [et_pb_line_break_holder] -->    justify-content: left;<!-- [et_pb_line_break_holder] -->    gap: 24px;<!-- [et_pb_line_break_holder] -->  }<!-- [et_pb_line_break_holder] -->  .stat-label {<!-- [et_pb_line_break_holder] -->    display: block;<!-- [et_pb_line_break_holder] -->    font-size: 11px;<!-- [et_pb_line_break_holder] -->    letter-spacing: 1px;<!-- [et_pb_line_break_holder] -->    text-transform: uppercase;<!-- [et_pb_line_break_holder] -->    color: #999;<!-- [et_pb_line_break_holder] -->    margin-bottom: 4px;<!-- [et_pb_line_break_holder] -->  }<!-- [et_pb_line_break_holder] -->  .stat-value {<!-- [et_pb_line_break_holder] -->    display: block;<!-- [et_pb_line_break_holder] -->    font-size: 16px;<!-- [et_pb_line_break_holder] -->    color: #ffcc00;<!-- [et_pb_line_break_holder] -->  }<!-- [et_pb_line_break_holder] --><\/style>\n<p><!-- [et_pb_line_break_holder] --><!-- [et_pb_line_break_holder] --><\/p>\n<div class=\"stats-row\"><!-- [et_pb_line_break_holder] -->  <\/p>\n<div class=\"stat\"><!-- [et_pb_line_break_holder] -->    <span class=\"stat-label\">Superficie<\/span><!-- [et_pb_line_break_holder] -->    <span class=\"stat-value\">200 m\u00b2<\/span><!-- [et_pb_line_break_holder] -->  <\/div>\n<p><!-- [et_pb_line_break_holder] -->  <\/p>\n<div class=\"stat\"><!-- [et_pb_line_break_holder] -->    <span class=\"stat-label\">Aforo<\/span><!-- [et_pb_line_break_holder] -->    <span class=\"stat-value\">120 personas<\/span><!-- [et_pb_line_break_holder] -->  <\/div>\n<p><!-- [et_pb_line_break_holder] --><\/div>\n<p>[\/et_pb_code][\/et_pb_column][\/et_pb_row][et_pb_row column_structure=\u00bb1_2,1_2&#8243; make_equal=\u00bbon\u00bb _builder_version=\u00bb4.27.4&#8243; _module_preset=\u00bbdefault\u00bb custom_css_free_form=\u00bbselector .et_pb_column {||  background: #1a1a1a;||  border-radius: 10px;||  overflow: hidden;||  padding: 10px;||}\u00bb locked=\u00bboff\u00bb global_colors_info=\u00bb{}\u00bb][et_pb_column type=\u00bb1_2&#8243; _builder_version=\u00bb4.27.4&#8243; _module_preset=\u00bbdefault\u00bb global_colors_info=\u00bb{}\u00bb][et_pb_image src=\u00bbhttps:\/\/caballerizasmontpensier.com\/wp-content\/uploads\/2026\/09\/WhatsApp-Image-2026-08-31-at-11.12.16.jpeg\u00bb title_text=\u00bbpatio-carruajes\u00bb force_fullwidth=\u00bbon\u00bb _builder_version=\u00bb4.27.4&#8243; _module_preset=\u00bbdefault\u00bb height=\u00bb300px\u00bb custom_css_free_form=\u00bbselector img {||  object-fit: cover;||  width: 100%;||  border-radius: 6px;||}\u00bb global_colors_info=\u00bb{}\u00bb][\/et_pb_image][et_pb_text _builder_version=\u00bb4.27.4&#8243; _module_preset=\u00bbdefault\u00bb text_font=\u00bbAbhaya Libre||on||||||\u00bb text_font_size=\u00bb33px\u00bb text_line_height=\u00bb1.2em\u00bb text_orientation=\u00bbcenter\u00bb locked=\u00bboff\u00bb global_colors_info=\u00bb{}\u00bb]<\/p>\n<h1 style=\"text-align: left;\"><span style=\"color: #ffffff;\">Patio de los Carruajes<\/span><\/h1>\n<p>[\/et_pb_text][et_pb_text _builder_version=\u00bb4.27.4&#8243; _module_preset=\u00bbdefault\u00bb custom_margin=\u00bb0px||15px||false|false\u00bb custom_css_free_form=\u00bbselector {||  border-bottom: 1px solid rgba(255,255,255,0.15);||  padding-bottom: 20px;||  margin-bottom: 20px;||}\u00bb global_colors_info=\u00bb{}\u00bb]<\/p>\n<p><span style=\"color: #ffffff;\">Amplio patio al aire libre de 420 metros cuadrados, ideal para eventos con gran n\u00famero de invitados, bajo la luz natural o iluminado por la noche.<\/span><\/p>\n<p>[\/et_pb_text][et_pb_code _builder_version=\u00bb4.27.4&#8243; _module_preset=\u00bbdefault\u00bb custom_margin=\u00bb||10px||false|false\u00bb global_colors_info=\u00bb{}\u00bb]<\/p>\n<style><!-- [et_pb_line_break_holder] -->  .stats-row {<!-- [et_pb_line_break_holder] -->    display: flex;<!-- [et_pb_line_break_holder] -->    justify-content: left;<!-- [et_pb_line_break_holder] -->    gap: 24px;<!-- [et_pb_line_break_holder] -->  }<!-- [et_pb_line_break_holder] -->  .stat-label {<!-- [et_pb_line_break_holder] -->    display: block;<!-- [et_pb_line_break_holder] -->    font-size: 11px;<!-- [et_pb_line_break_holder] -->    letter-spacing: 1px;<!-- [et_pb_line_break_holder] -->    text-transform: uppercase;<!-- [et_pb_line_break_holder] -->    color: #999;<!-- [et_pb_line_break_holder] -->    margin-bottom: 4px;<!-- [et_pb_line_break_holder] -->  }<!-- [et_pb_line_break_holder] -->  .stat-value {<!-- [et_pb_line_break_holder] -->    display: block;<!-- [et_pb_line_break_holder] -->    font-size: 16px;<!-- [et_pb_line_break_holder] -->    color: #ffcc00;<!-- [et_pb_line_break_holder] -->  }<!-- [et_pb_line_break_holder] --><\/style>\n<p><!-- [et_pb_line_break_holder] --><!-- [et_pb_line_break_holder] --><\/p>\n<div class=\"stats-row\"><!-- [et_pb_line_break_holder] -->  <\/p>\n<div class=\"stat\"><!-- [et_pb_line_break_holder] -->    <span class=\"stat-label\">Superficie<\/span><!-- [et_pb_line_break_holder] -->    <span class=\"stat-value\">420 m\u00b2<\/span><!-- [et_pb_line_break_holder] -->  <\/div>\n<p><!-- [et_pb_line_break_holder] -->  <\/p>\n<div class=\"stat\"><!-- [et_pb_line_break_holder] -->    <span class=\"stat-label\">Aforo<\/span><!-- [et_pb_line_break_holder] -->    <span class=\"stat-value\">280 personas<\/span><!-- [et_pb_line_break_holder] -->  <\/div>\n<p><!-- [et_pb_line_break_holder] --><\/div>\n<p>[\/et_pb_code][\/et_pb_column][et_pb_column type=\u00bb1_2&#8243; _builder_version=\u00bb4.27.4&#8243; _module_preset=\u00bbdefault\u00bb global_colors_info=\u00bb{}\u00bb][et_pb_image src=\u00bbhttps:\/\/caballerizasmontpensier.com\/wp-content\/uploads\/2026\/09\/WhatsApp-Image-2026-08-31-at-11.15.46.jpeg\u00bb title_text=\u00bbpatio-beatas\u00bb force_fullwidth=\u00bbon\u00bb _builder_version=\u00bb4.27.4&#8243; _module_preset=\u00bbdefault\u00bb height=\u00bb300px\u00bb custom_css_free_form=\u00bbselector img {||  object-fit: cover;||  width: 100%;||  border-radius: 6px;||}\u00bb locked=\u00bboff\u00bb global_colors_info=\u00bb{}\u00bb][\/et_pb_image][et_pb_text _builder_version=\u00bb4.27.4&#8243; _module_preset=\u00bbdefault\u00bb text_font=\u00bbAbhaya Libre||on||||||\u00bb text_font_size=\u00bb33px\u00bb text_line_height=\u00bb1.2em\u00bb text_orientation=\u00bbcenter\u00bb locked=\u00bboff\u00bb global_colors_info=\u00bb{}\u00bb]<\/p>\n<h1 style=\"text-align: left;\"><span style=\"color: #ffffff;\">Patio de las Beatas<\/span><\/h1>\n<p>[\/et_pb_text][et_pb_text _builder_version=\u00bb4.27.4&#8243; _module_preset=\u00bbdefault\u00bb custom_margin=\u00bb0px||15px||false|false\u00bb custom_css_free_form=\u00bbselector {||  border-bottom: 1px solid rgba(255,255,255,0.15);||  padding-bottom: 20px;||  margin-bottom: 20px;||}\u00bb locked=\u00bboff\u00bb global_colors_info=\u00bb{}\u00bb]<\/p>\n<p><span style=\"color: #ffffff;\">M\u00e1s \u00edntimo, de 150 metros cuadrados, conecta con el Sal\u00f3n Pr\u00edncipe Don \u00c1lvaro. Un rinc\u00f3n con encanto para ceremonias o momentos m\u00e1s recogidos.<\/span><\/p>\n<p>[\/et_pb_text][et_pb_code _builder_version=\u00bb4.27.4&#8243; _module_preset=\u00bbdefault\u00bb custom_margin=\u00bb||10px||false|false\u00bb locked=\u00bboff\u00bb global_colors_info=\u00bb{}\u00bb]<\/p>\n<style><!-- [et_pb_line_break_holder] -->  .stats-row {<!-- [et_pb_line_break_holder] -->    display: flex;<!-- [et_pb_line_break_holder] -->    justify-content: left;<!-- [et_pb_line_break_holder] -->    gap: 24px;<!-- [et_pb_line_break_holder] -->  }<!-- [et_pb_line_break_holder] -->  .stat-label {<!-- [et_pb_line_break_holder] -->    display: block;<!-- [et_pb_line_break_holder] -->    font-size: 11px;<!-- [et_pb_line_break_holder] -->    letter-spacing: 1px;<!-- [et_pb_line_break_holder] -->    text-transform: uppercase;<!-- [et_pb_line_break_holder] -->    color: #999;<!-- [et_pb_line_break_holder] -->    margin-bottom: 4px;<!-- [et_pb_line_break_holder] -->  }<!-- [et_pb_line_break_holder] -->  .stat-value {<!-- [et_pb_line_break_holder] -->    display: block;<!-- [et_pb_line_break_holder] -->    font-size: 16px;<!-- [et_pb_line_break_holder] -->    color: #c9a45c;<!-- [et_pb_line_break_holder] -->  }<!-- [et_pb_line_break_holder] --><\/style>\n<p><!-- [et_pb_line_break_holder] --><!-- [et_pb_line_break_holder] --><\/p>\n<div class=\"stats-row\"><!-- [et_pb_line_break_holder] -->  <\/p>\n<div class=\"stat\"><!-- [et_pb_line_break_holder] -->    <span class=\"stat-label\">Superficie<\/span><!-- [et_pb_line_break_holder] -->    <span class=\"stat-value\">200 m\u00b2<\/span><!-- [et_pb_line_break_holder] -->  <\/div>\n<p><!-- [et_pb_line_break_holder] -->  <\/p>\n<div class=\"stat\"><!-- [et_pb_line_break_holder] -->    <span class=\"stat-label\">Aforo<\/span><!-- [et_pb_line_break_holder] -->    <span class=\"stat-value\">150 personas<\/span><!-- [et_pb_line_break_holder] -->  <\/div>\n<p><!-- [et_pb_line_break_holder] --><\/div>\n<p>[\/et_pb_code][\/et_pb_column][\/et_pb_row][et_pb_row _builder_version=\u00bb4.27.4&#8243; _module_preset=\u00bbdefault\u00bb custom_padding=\u00bb5px|||||\u00bb global_colors_info=\u00bb{}\u00bb][et_pb_column type=\u00bb4_4&#8243; _builder_version=\u00bb4.27.4&#8243; _module_preset=\u00bbdefault\u00bb global_colors_info=\u00bb{}\u00bb][et_pb_text disabled_on=\u00bbon|on|on\u00bb _builder_version=\u00bb4.27.4&#8243; _module_preset=\u00bbdefault\u00bb disabled=\u00bbon\u00bb global_colors_info=\u00bb{}\u00bb]<\/p>\n<p style=\"text-align: justify;\"><strong data-start=\"1113\" data-end=\"1257\" style=\"color: #ffffff; font-size: large;\">Nuestros espacios pueden acoger desde reuniones \u00edntimas de 40 personas hasta grandes celebraciones con capacidad para m\u00e1s de 1.000 invitados<\/strong><span style=\"color: #ffffff; font-size: large;\">, combinando salones y patios para adaptarse al formato deseado. Los patios, aut\u00e9ntico pulm\u00f3n del recinto, ofrecen un entorno privilegiado para disfrutar del aire libre durante todo el a\u00f1o.<\/span><\/p>\n<p data-start=\"1488\" data-end=\"1568\">[\/et_pb_text][et_pb_text _builder_version=\u00bb4.27.4&#8243; _module_preset=\u00bbdefault\u00bb text_font=\u00bbAbhaya Libre||on||||||\u00bb text_font_size=\u00bb33px\u00bb text_line_height=\u00bb1.3em\u00bb text_orientation=\u00bbcenter\u00bb custom_padding=\u00bb||0px|||\u00bb global_colors_info=\u00bb{}\u00bb]<\/p>\n<p><span style=\"color: #ffcc00;\">Tu evento, en un lugar con siglos de historia<\/span><\/p>\n<p>[\/et_pb_text][et_pb_text _builder_version=\u00bb4.27.4&#8243; _module_preset=\u00bbdefault\u00bb text_font=\u00bbAbhaya Libre||on||||||\u00bb text_font_size=\u00bb33px\u00bb text_line_height=\u00bb1.3em\u00bb text_orientation=\u00bbcenter\u00bb min_height=\u00bb122px\u00bb hover_enabled=\u00bb0&#8243; global_colors_info=\u00bb{}\u00bb sticky_enabled=\u00bb0&#8243;]<\/p>\n<p><span style=\"color: #ffcc00;\">Haga su reserva en el 856 03 57 53 o <span data-olk-copy-source=\"MessageBody\">629 20 63 11<\/span><\/span><\/p>\n<p>[\/et_pb_text][\/et_pb_column][\/et_pb_row][\/et_pb_section]<\/p>\n","protected":false},"excerpt":{"rendered":"<p>Visitas hist\u00f3ricas, experiencias enol\u00f3gicas, espacios para eventos y el aut\u00e9ntico legado de Orleans-Borb\u00f3n reunidos en uno de los enclaves m\u00e1s emblem\u00e1ticos de Sanl\u00facar.\u00bbUn recorrido por la historia, el patrimonio y el legado de la Casa de Orleans-Borb\u00f3n\u00bb Ubicadas en pleno coraz\u00f3n de Sanl\u00facar de Barrameda (C\u00e1diz), en la hist\u00f3rica Calle Ba\u00f1os, Las Caballerizas de Montpensier [&hellip;]<\/p>\n","protected":false},"author":1,"featured_media":0,"parent":0,"menu_order":0,"comment_status":"closed","ping_status":"closed","template":"","meta":{"_et_pb_use_builder":"on","_et_pb_old_content":"","_et_gb_content_width":"","footnotes":""},"class_list":["post-9","page","type-page","status-publish","hentry"],"_links":{"self":[{"href":"https:\/\/caballerizasmontpensier.com\/index.php\/wp-json\/wp\/v2\/pages\/9","targetHints":{"allow":["GET"]}}],"collection":[{"href":"https:\/\/caballerizasmontpensier.com\/index.php\/wp-json\/wp\/v2\/pages"}],"about":[{"href":"https:\/\/caballerizasmontpensier.com\/index.php\/wp-json\/wp\/v2\/types\/page"}],"author":[{"embeddable":true,"href":"https:\/\/caballerizasmontpensier.com\/index.php\/wp-json\/wp\/v2\/users\/1"}],"replies":[{"embeddable":true,"href":"https:\/\/caballerizasmontpensier.com\/index.php\/wp-json\/wp\/v2\/comments?post=9"}],"version-history":[{"count":110,"href":"https:\/\/caballerizasmontpensier.com\/index.php\/wp-json\/wp\/v2\/pages\/9\/revisions"}],"predecessor-version":[{"id":351,"href":"https:\/\/caballerizasmontpensier.com\/index.php\/wp-json\/wp\/v2\/pages\/9\/revisions\/351"}],"wp:attachment":[{"href":"https:\/\/caballerizasmontpensier.com\/index.php\/wp-json\/wp\/v2\/media?parent=9"}],"curies":[{"name":"wp","href":"https:\/\/api.w.org\/{rel}","templated":true}]}}